{"id":4620,"date":"2015-03-17T10:17:10","date_gmt":"2015-03-17T09:17:10","guid":{"rendered":"http:\/\/www.fondazionehonegger.it\/cms\/?page_id=4620"},"modified":"2020-09-04T13:02:46","modified_gmt":"2020-09-04T11:02:46","slug":"chi-siamo","status":"publish","type":"page","link":"http:\/\/www.fondazionehonegger.it\/cms\/chi-siamo\/","title":{"rendered":"Chi siamo"},"content":{"rendered":"<p>[vc_row][vc_column]<blockquote class=\"blockquote-2\">rappresentare un punto di riferimento significativo sul territorio nell\u2019ambito dei servizi socio-sanitari per<br \/>\npersone anziane, con l\u2019obiettivo di offrire loro un ambiente accogliente, sicuro e che risponda a loro<br \/>\ndesideri e aspettative, sulla base dei seguenti principi: centralit\u00e0 della persona, solidariet\u00e0 e giustizia sociale.<span class=\"blockquote_author\"> <\/span><\/blockquote>[\/vc_column][\/vc_row][vc_row][vc_column][vc_column_text]L\u2019Ente gestisce diverse unita\u2019 di offerta residenziali (la <strong>CasaHonegger ex Casa Albergo-Casa di Riposo, <\/strong>\u00a0la <strong>Struttura Protetta Honegger, <\/strong>gli<strong> Alloggi Protetti per anziani &#8220;Casa sorelle Piccoli<\/strong>) e una semiresidenziale (il <strong>Centro Diurno Integrato<\/strong>).[\/vc_column_text][\/vc_column][\/vc_row][vc_row][vc_column width=&#8221;1\/2&#8243;][vc_column_text]La Fondazione Honegger, operando nell\u2019ambito dei servizi alla Persona, intende assumersi la responsabilit\u00e0 di realizzare un \u201cvalore pubblico\u201d.<br \/>\nPertanto, si impegna affinch\u00e9 i principi di giustizia sociale, centralit\u00e0 della persona e solidariet\u00e0 trovino una giusta collocazione negli indirizzi programmatici, negli atti regolativi, nelle procedure per l\u2019erogazione dei servizi e all\u2019interno dell\u2019attivit\u00e0 quotidiana.<\/p>\n<p>Inoltre, la Fondazione si impegna a orientare la sua funzione sociale e a guidare i comportamenti dei soggetti che operano al suo interno in conformit\u00e0 ai principi imprescindibili indicati nel Codice Etico: rispetto della legge, onest\u00e0 e correttezza nei rapporti con i portatori d\u2019interesse, professionalit\u00e0 come prassi in tutte le attivit\u00e0, imparzialit\u00e0 e attenzione alle pari opportunit\u00e0.[\/vc_column_text][\/vc_column][vc_column width=&#8221;1\/2&#8243;][vc_column_text]Chi vive all\u2019interno delle strutture non \u00e8 ospite, n\u00e9 utente, ma \u00e8 Residente: quella \u00e8 l a sua casa; l\u00ec deve poter esercitare i l diritto di considerare come proprio i l tempo e lo spazio di vita.<\/p>\n<p>Con tale orientamento, nell\u2019erogazione delle prestazione assistenziali, sanitarie, sociali, alberghiere ed amministrative, si presta la massima attenzione alla centralit\u00e0 della Persona, garantendo libert\u00e0, rispetto e diritto di partecipazione.<\/p>\n<p>Per il raggiungimento delle proprie finalit\u00e0 istituzionali , la Fondazione si attiva per consolidare forme di collaborazione con le altre realt\u00e0 sociali e sanitarie del territorio, al fine anche di individuare risposte integrate e coordinate ai bisogni della persona anziana.[\/vc_column_text][\/vc_column][\/vc_row][vc_row css=&#8221;.vc_custom_1432806239971{background-color: #efefef !important;background-position: 0 0 !important;background-repeat: repeat !important;}&#8221;][vc_column][vc_btn title=&#8221;Codice Etico &#8221; color=&#8221;pink&#8221; link=&#8221;url:http%3A%2F%2Fwww.fondazionehonegger.it%2Fcms%2Fwp-content%2Fuploads%2F2015%2F04%2FCodice-Etico-Comportamentale.pdf|title:CODICE%20ETICO%20COMPORTAMENTALE|target:%20_blank&#8221;][vc_btn title=&#8221;Statuto&#8221; color=&#8221;warning&#8221; link=&#8221;url:http%3A%2F%2Fwww.fondazionehonegger.it%2Fcms%2Fwp-content%2Fuploads%2F2015%2F04%2FSTATUTO.pdf|title:CODICE%20ETICO%20COMPORTAMENTALE|target:%20_blank&#8221;]<h2  style=\"text-align:left;\" >Cenni Storici<\/h2>[vc_column_text]Le origini dell\u2019organizzazione risalgono al 1670, anno in cui il sacerdote Giovanni Battista Signori disponeva con testamento dei suoi averi affinch\u00e9 fosse avviato in Albino uno \u201cSpedale per la cura dei poveri infermi\u201d. La struttura, denominata \u201cPia Casa di Ricovero per cronici\u201d, fu realizzata nel 1840 ed accolse persone anziane in difficolt\u00e0. La locale Congregazione di Carit\u00e0 ne cur\u00f2 l\u2019amministrazione.<\/p>\n<p>Nel 1887 la Casa di Ricovero fu trasformata in Ente Morale ed oper\u00f2 sotto tale veste giuridica sino all\u2019istituzione degli ECA (Enti Comunali di Assistenza), precisamente sino al 1939, anno in cui fu costituita in Albino la nuova \u201cAmministrazione Unica\u201d delle IPAB (Istituzioni Pubbliche di Assistenza e Beneficenza) in cui conflu\u00ec anche il Ricovero.<br \/>\nNel 1958 il Cotonificio Honegger don\u00f2 alla Pia Casa di Ricovero un\u2019area di 9000 metri quadrati situata nel Pianoro Crespi di Albino, vincolandone l\u2019utilizzo alla realizzazione di una nuova struttura che sostituisse quella ormai obsoleta, successivamente alienata. Nel 1970 si concluse la costruzione di un ampio e moderno fabbricato distribuito su quattro piani, l\u2019attuale Casa Albergo.<\/p>\n<p>L&#8217;opera \u00e8 &#8220;sorta nella linea della solidariet\u00e0 umana&#8221;, come si legge in un documento dell&#8217;epoca, ed \u00e8 stata portata a termine grazie alla generosit\u00e0 della Signorina Milly Honegger e delle maestranze del Cotonificio, della Comunit\u00e0 albinese e del Municipio, di Enti e Imprese del territorio.<\/p>\n<p>Il complesso \u00e8 oggi interessato da un\u2019importante opera di riqualificazione per l\u2019adeguamento agli standard strutturali regionali. I lavori termineranno a fine 2011.<\/p>\n<p>L\u2019altra residenza \u2013 la Struttura Protetta Honegger \u2013 entra nella storia dell\u2019organizzazione nel 1972, quando l\u2019omonimo Cotonificio cede, prima in gestione e poi in donazione, alla stessa quella che allora era denominata \u201cInfermeria Honegger\u201d con funzioni di cura dei dipendenti dell\u2019impresa. L\u2019immobile, situato in Via Cappuccini, nel corso degli anni \u00e8 stato ristrutturato ed ampliato con nuovi padiglioni, grazie anche al contributo del Comune di Albino e di Enti pubblici.<\/p>\n<p>Tra gli avvenimenti pi\u00f9 recenti, la trasformazione nel 2004 in Fondazione di diritto privato, disciplinata dal proprio Statuto.[\/vc_column_text][\/vc_column][\/vc_row]<\/p>\n","protected":false},"excerpt":{"rendered":"<p>[vc_row][vc_column][\/vc_column][\/vc_row][vc_row][vc_column][vc_column_text]L\u2019Ente gestisce diverse unita\u2019 di offerta residenziali (la CasaHonegger ex Casa Albergo-Casa di Riposo, \u00a0la Struttura Protetta Honegger, gli Alloggi Protetti per anziani &#8220;Casa sorelle Piccoli) e una semiresidenziale (il Centro Diurno Integrato).[\/vc_column_text][\/vc_column][\/vc_row][vc_row][vc_column width=&#8221;1\/2&#8243;][vc_column_text]La Fondazione Honegger, operando nell\u2019ambito dei servizi alla Persona, intende assumersi la responsabilit\u00e0 di realizzare un \u201cvalore pubblico\u201d. Pertanto, si impegna affinch\u00e9 [&hellip;]<\/p>\n","protected":false},"author":1,"featured_media":0,"parent":0,"menu_order":0,"comment_status":"open","ping_status":"open","template":"","meta":{"_themeisle_gutenberg_block_has_review":false,"footnotes":""},"class_list":["post-4620","page","type-page","status-publish","hentry"],"yoast_head":"<!-- This site is optimized with the Yoast SEO plugin v26.6 - https:\/\/yoast.com\/wordpress\/plugins\/seo\/ -->\n<title>Chi siamo - Fondazione Honegger R.S.A Onlus Albino (Bergamo)<\/title>\n<meta name=\"description\" content=\"La Fondazione rappresenta un punto di riferimento significativo sul territorio nell\u2019ambito dei servizi socio-sanitari per Persone anziane. L\u2019Ente gestisce due unita\u2019 di offerta residenziali (la Casa Albergo-Casa di Riposo e la Struttura Protetta Honegger) e una semiresidenziale (il Centro Diurno Integrato).\" \/>\n<meta name=\"robots\" content=\"index, follow, max-snippet:-1, max-image-preview:large, max-video-preview:-1\" \/>\n<link rel=\"canonical\" href=\"http:\/\/www.fondazionehonegger.it\/cms\/chi-siamo\/\" \/>\n<meta property=\"og:locale\" content=\"it_IT\" \/>\n<meta property=\"og:type\" content=\"article\" \/>\n<meta property=\"og:title\" content=\"Chi siamo - Fondazione Honegger R.S.A Onlus Albino (Bergamo)\" \/>\n<meta property=\"og:description\" content=\"La Fondazione rappresenta un punto di riferimento significativo sul territorio nell\u2019ambito dei servizi socio-sanitari per Persone anziane. L\u2019Ente gestisce due unita\u2019 di offerta residenziali (la Casa Albergo-Casa di Riposo e la Struttura Protetta Honegger) e una semiresidenziale (il Centro Diurno Integrato).\" \/>\n<meta property=\"og:url\" content=\"http:\/\/www.fondazionehonegger.it\/cms\/chi-siamo\/\" \/>\n<meta property=\"og:site_name\" content=\"Fondazione Honegger Rsa O.n.l.u.s.\" \/>\n<meta property=\"article:modified_time\" content=\"2020-09-04T11:02:46+00:00\" \/>\n<meta name=\"twitter:card\" content=\"summary_large_image\" \/>\n<meta name=\"twitter:label1\" content=\"Tempo di lettura stimato\" \/>\n\t<meta name=\"twitter:data1\" content=\"4 minuti\" \/>\n<script type=\"application\/ld+json\" class=\"yoast-schema-graph\">{\"@context\":\"https:\/\/schema.org\",\"@graph\":[{\"@type\":\"WebPage\",\"@id\":\"http:\/\/www.fondazionehonegger.it\/cms\/chi-siamo\/\",\"url\":\"http:\/\/www.fondazionehonegger.it\/cms\/chi-siamo\/\",\"name\":\"Chi siamo - Fondazione Honegger R.S.A Onlus Albino (Bergamo)\",\"isPartOf\":{\"@id\":\"http:\/\/www.fondazionehonegger.it\/cms\/#website\"},\"datePublished\":\"2015-03-17T09:17:10+00:00\",\"dateModified\":\"2020-09-04T11:02:46+00:00\",\"description\":\"La Fondazione rappresenta un punto di riferimento significativo sul territorio nell\u2019ambito dei servizi socio-sanitari per Persone anziane. L\u2019Ente gestisce due unita\u2019 di offerta residenziali (la Casa Albergo-Casa di Riposo e la Struttura Protetta Honegger) e una semiresidenziale (il Centro Diurno Integrato).\",\"breadcrumb\":{\"@id\":\"http:\/\/www.fondazionehonegger.it\/cms\/chi-siamo\/#breadcrumb\"},\"inLanguage\":\"it-IT\",\"potentialAction\":[{\"@type\":\"ReadAction\",\"target\":[\"http:\/\/www.fondazionehonegger.it\/cms\/chi-siamo\/\"]}]},{\"@type\":\"BreadcrumbList\",\"@id\":\"http:\/\/www.fondazionehonegger.it\/cms\/chi-siamo\/#breadcrumb\",\"itemListElement\":[{\"@type\":\"ListItem\",\"position\":1,\"name\":\"Home\",\"item\":\"http:\/\/www.fondazionehonegger.it\/cms\/\"},{\"@type\":\"ListItem\",\"position\":2,\"name\":\"Chi siamo\"}]},{\"@type\":\"WebSite\",\"@id\":\"http:\/\/www.fondazionehonegger.it\/cms\/#website\",\"url\":\"http:\/\/www.fondazionehonegger.it\/cms\/\",\"name\":\"Fondazione Honegger Rsa O.n.l.u.s.\",\"description\":\"Albino (Bergamo)\",\"potentialAction\":[{\"@type\":\"SearchAction\",\"target\":{\"@type\":\"EntryPoint\",\"urlTemplate\":\"http:\/\/www.fondazionehonegger.it\/cms\/?s={search_term_string}\"},\"query-input\":{\"@type\":\"PropertyValueSpecification\",\"valueRequired\":true,\"valueName\":\"search_term_string\"}}],\"inLanguage\":\"it-IT\"}]}<\/script>\n<!-- \/ Yoast SEO plugin. -->","yoast_head_json":{"title":"Chi siamo - Fondazione Honegger R.S.A Onlus Albino (Bergamo)","description":"La Fondazione rappresenta un punto di riferimento significativo sul territorio nell\u2019ambito dei servizi socio-sanitari per Persone anziane. L\u2019Ente gestisce due unita\u2019 di offerta residenziali (la Casa Albergo-Casa di Riposo e la Struttura Protetta Honegger) e una semiresidenziale (il Centro Diurno Integrato).","robots":{"index":"index","follow":"follow","max-snippet":"max-snippet:-1","max-image-preview":"max-image-preview:large","max-video-preview":"max-video-preview:-1"},"canonical":"http:\/\/www.fondazionehonegger.it\/cms\/chi-siamo\/","og_locale":"it_IT","og_type":"article","og_title":"Chi siamo - Fondazione Honegger R.S.A Onlus Albino (Bergamo)","og_description":"La Fondazione rappresenta un punto di riferimento significativo sul territorio nell\u2019ambito dei servizi socio-sanitari per Persone anziane. L\u2019Ente gestisce due unita\u2019 di offerta residenziali (la Casa Albergo-Casa di Riposo e la Struttura Protetta Honegger) e una semiresidenziale (il Centro Diurno Integrato).","og_url":"http:\/\/www.fondazionehonegger.it\/cms\/chi-siamo\/","og_site_name":"Fondazione Honegger Rsa O.n.l.u.s.","article_modified_time":"2020-09-04T11:02:46+00:00","twitter_card":"summary_large_image","twitter_misc":{"Tempo di lettura stimato":"4 minuti"},"schema":{"@context":"https:\/\/schema.org","@graph":[{"@type":"WebPage","@id":"http:\/\/www.fondazionehonegger.it\/cms\/chi-siamo\/","url":"http:\/\/www.fondazionehonegger.it\/cms\/chi-siamo\/","name":"Chi siamo - Fondazione Honegger R.S.A Onlus Albino (Bergamo)","isPartOf":{"@id":"http:\/\/www.fondazionehonegger.it\/cms\/#website"},"datePublished":"2015-03-17T09:17:10+00:00","dateModified":"2020-09-04T11:02:46+00:00","description":"La Fondazione rappresenta un punto di riferimento significativo sul territorio nell\u2019ambito dei servizi socio-sanitari per Persone anziane. L\u2019Ente gestisce due unita\u2019 di offerta residenziali (la Casa Albergo-Casa di Riposo e la Struttura Protetta Honegger) e una semiresidenziale (il Centro Diurno Integrato).","breadcrumb":{"@id":"http:\/\/www.fondazionehonegger.it\/cms\/chi-siamo\/#breadcrumb"},"inLanguage":"it-IT","potentialAction":[{"@type":"ReadAction","target":["http:\/\/www.fondazionehonegger.it\/cms\/chi-siamo\/"]}]},{"@type":"BreadcrumbList","@id":"http:\/\/www.fondazionehonegger.it\/cms\/chi-siamo\/#breadcrumb","itemListElement":[{"@type":"ListItem","position":1,"name":"Home","item":"http:\/\/www.fondazionehonegger.it\/cms\/"},{"@type":"ListItem","position":2,"name":"Chi siamo"}]},{"@type":"WebSite","@id":"http:\/\/www.fondazionehonegger.it\/cms\/#website","url":"http:\/\/www.fondazionehonegger.it\/cms\/","name":"Fondazione Honegger Rsa O.n.l.u.s.","description":"Albino (Bergamo)","potentialAction":[{"@type":"SearchAction","target":{"@type":"EntryPoint","urlTemplate":"http:\/\/www.fondazionehonegger.it\/cms\/?s={search_term_string}"},"query-input":{"@type":"PropertyValueSpecification","valueRequired":true,"valueName":"search_term_string"}}],"inLanguage":"it-IT"}]}},"_links":{"self":[{"href":"http:\/\/www.fondazionehonegger.it\/cms\/wp-json\/wp\/v2\/pages\/4620","targetHints":{"allow":["GET"]}}],"collection":[{"href":"http:\/\/www.fondazionehonegger.it\/cms\/wp-json\/wp\/v2\/pages"}],"about":[{"href":"http:\/\/www.fondazionehonegger.it\/cms\/wp-json\/wp\/v2\/types\/page"}],"author":[{"embeddable":true,"href":"http:\/\/www.fondazionehonegger.it\/cms\/wp-json\/wp\/v2\/users\/1"}],"replies":[{"embeddable":true,"href":"http:\/\/www.fondazionehonegger.it\/cms\/wp-json\/wp\/v2\/comments?post=4620"}],"version-history":[{"count":8,"href":"http:\/\/www.fondazionehonegger.it\/cms\/wp-json\/wp\/v2\/pages\/4620\/revisions"}],"predecessor-version":[{"id":5894,"href":"http:\/\/www.fondazionehonegger.it\/cms\/wp-json\/wp\/v2\/pages\/4620\/revisions\/5894"}],"wp:attachment":[{"href":"http:\/\/www.fondazionehonegger.it\/cms\/wp-json\/wp\/v2\/media?parent=4620"}],"curies":[{"name":"wp","href":"https:\/\/api.w.org\/{rel}","templated":true}]}}